
{"id":6621,"date":"2019-02-11T15:48:32","date_gmt":"2019-02-11T14:48:32","guid":{"rendered":"https:\/\/www.fondationbiodiversite.fr\/membre\/guillaume-sainteny\/"},"modified":"2026-03-25T16:52:37","modified_gmt":"2026-03-25T15:52:37","slug":"guillaume-sainteny","status":"publish","type":"membre","link":"https:\/\/www.fondationbiodiversite.fr\/en\/membre\/guillaume-sainteny\/","title":{"rendered":"Guillaume SAINTENY"},"content":{"rendered":"<p><strong>Guillaume Sainteny<\/strong> enseigne, depuis une quinzaine d\u2019ann\u00e9es, le d\u00e9veloppement durable, notamment \u00e0 Sciences-Po Paris et \u00e0 l\u2019\u00c9cole Polytechnique. Il a \u00e9galement exerc\u00e9 les fonctions de directeur adjoint du cabinet du Ministre de l\u2019Environnement puis de directeur de la Direction des \u00c9tudes \u00c9conomiques et de l\u2019Evaluation Environnementale du Minist\u00e8re de l\u2019Environnement du D\u00e9veloppement et de l\u2019Am\u00e9nagement durables, laquelle comprenait le Service de la recherche et de la prospective puis de President du Plan Bleu pour l\u2019environnement et le d\u00e9veloppement en M\u00e9diterran\u00e9e.<\/p>\n<p>Les travaux et publications de <strong>Guillaume Sainteny<\/strong> abordent la biodiversit\u00e9 sous les angles fiscal, \u00e9conomique, juridique et des politiques publiques ; ils traitent aussi, plus largement, des politiques publiques, de l\u2019\u00e9conomie et de la fiscalit\u00e9 de l\u2019environnement et du d\u00e9veloppement durable.<\/p>\n<p>&nbsp;<\/p>\n<p><em><strong>Autres fonctions\u202f :<\/strong><\/em><\/p>\n<p>Guillaume Sainteny est membre : du Conseil national de la biodiversit\u00e9, du Conseil scientifique de la Fondation Prince Albert II de Monaco ; du Comit\u00e9 d\u2019orientation (CO) du Comit\u00e9 21 ; du CO de La Fabrique \u00e9cologique ; du Conseil d\u2019orientation, recherche et prospective de la F\u00e9d\u00e9ration nationale des parcs naturels r\u00e9gionaux ; du Comit\u00e9 ex\u00e9cutif de la Fondation Sisley ; du Coll\u00e8ge des experts du Fonds de dotation Green Link ; de l\u2019Acad\u00e9mie d\u2019Agriculture de France ; des comit\u00e9s de r\u00e9daction des revues Commentaire, Droit de l\u2019environnement, \u00c9cologie et politique.<\/p>\n<p>&nbsp;<\/p>\n<p><strong><em>Publications :<\/em><\/strong><\/p>\n<p>Guillaume Sainteny. (2020). Le principe de pr\u00e9caution m\u00e9rite-t-il tant de d\u00e9fiance ? Dans Ren\u00e9 S\u00e8ve (dir.), <em>Le principe de pr\u00e9caution<\/em> (Dalloz \/ Archives de philosophie du droit, 62, p. 11-30). <a href=\"https:\/\/www.fondationbiodiversite.fr\/wp-content\/uploads\/2021\/03\/P-de-precaution-Archives-philosophie-du-droit-2020.pdf\">https:\/\/www.fondationbiodiversite.fr\/wp-content\/uploads\/2021\/03\/P-de-precaution-Archives-philosophie-du-droit-2020.pdf<\/a><\/p>\n<p>&nbsp;<\/p>\n<p>Guillaume Sainteny. (2021, f\u00e9vrier). Le climat qui cache la for\u00eat. Entretien avec Guillaume Sainteny. Le Courrier de la Nature. (326), p. 41-45. Rep\u00e9r\u00e9 \u00e0 <a href=\"https:\/\/www.fondationbiodiversite.fr\/wp-content\/uploads\/2021\/03\/Itw-Courrier-de-la-nature-2021-N-326_41-45_PdV-Sainteny.pdf\">https:\/\/www.fondationbiodiversite.fr\/wp-content\/uploads\/2021\/03\/Itw-Courrier-de-la-nature-2021-N-326_41-45_PdV-Sainteny.pdf<\/a><\/p>\n","protected":false},"featured_media":2128,"template":"","class_list":["post-6621","membre","type-membre","status-publish","has-post-thumbnail","hentry"],"acf":[],"yoast_head":"<!-- This site is optimized with the Yoast SEO plugin v27.5 - https:\/\/yoast.com\/product\/yoast-seo-wordpress\/ -->\n<title>Guillaume SAINTENY - Fondation pour la recherche sur la biodiversit\u00e9<\/title>\n<meta name=\"robots\" content=\"noindex, nofollow\" \/>\n<meta property=\"og:locale\" content=\"en_US\" \/>\n<meta property=\"og:type\" content=\"article\" \/>\n<meta property=\"og:title\" content=\"Guillaume SAINTENY - Fondation pour la recherche sur la biodiversit\u00e9\" \/>\n<meta property=\"og:description\" content=\"Guillaume Sainteny enseigne, depuis une quinzaine d\u2019ann\u00e9es, le d\u00e9veloppement durable, notamment \u00e0 Sciences-Po Paris et \u00e0 l\u2019\u00c9cole Polytechnique. Il a \u00e9galement exerc\u00e9 les fonctions de directeur adjoint du cabinet du Ministre de l\u2019Environnement puis de directeur de la Direction des \u00c9tudes \u00c9conomiques et de l\u2019Evaluation Environnementale du Minist\u00e8re de l\u2019Environnement du D\u00e9veloppement et de l\u2019Am\u00e9nagement [&hellip;]\" \/>\n<meta property=\"og:url\" content=\"https:\/\/www.fondationbiodiversite.fr\/en\/membre\/guillaume-sainteny\/\" \/>\n<meta property=\"og:site_name\" content=\"Fondation pour la recherche sur la biodiversit\u00e9\" \/>\n<meta property=\"article:publisher\" content=\"https:\/\/www.facebook.com\/FRBiodiv#\" \/>\n<meta property=\"article:modified_time\" content=\"2026-03-25T15:52:37+00:00\" \/>\n<meta property=\"og:image\" content=\"https:\/\/www.fondationbiodiversite.fr\/wp-content\/uploads\/2019\/02\/Guillaume-Sainteny.jpg\" \/>\n\t<meta property=\"og:image:width\" content=\"690\" \/>\n\t<meta property=\"og:image:height\" content=\"690\" \/>\n\t<meta property=\"og:image:type\" content=\"image\/jpeg\" \/>\n<meta name=\"twitter:card\" content=\"summary_large_image\" \/>\n<meta name=\"twitter:site\" content=\"@FRBiodiv\" \/>\n<meta name=\"twitter:label1\" content=\"Est. reading time\" \/>\n\t<meta name=\"twitter:data1\" content=\"2 minutes\" \/>\n<script type=\"application\/ld+json\" class=\"yoast-schema-graph\">{\"@context\":\"https:\\\/\\\/schema.org\",\"@graph\":[{\"@type\":\"WebPage\",\"@id\":\"https:\\\/\\\/www.fondationbiodiversite.fr\\\/en\\\/membre\\\/guillaume-sainteny\\\/\",\"url\":\"https:\\\/\\\/www.fondationbiodiversite.fr\\\/en\\\/membre\\\/guillaume-sainteny\\\/\",\"name\":\"Guillaume SAINTENY - Fondation pour la recherche sur la biodiversit\u00e9\",\"isPartOf\":{\"@id\":\"https:\\\/\\\/www.fondationbiodiversite.fr\\\/en\\\/#website\"},\"primaryImageOfPage\":{\"@id\":\"https:\\\/\\\/www.fondationbiodiversite.fr\\\/en\\\/membre\\\/guillaume-sainteny\\\/#primaryimage\"},\"image\":{\"@id\":\"https:\\\/\\\/www.fondationbiodiversite.fr\\\/en\\\/membre\\\/guillaume-sainteny\\\/#primaryimage\"},\"thumbnailUrl\":\"https:\\\/\\\/www.fondationbiodiversite.fr\\\/wp-content\\\/uploads\\\/2019\\\/02\\\/Guillaume-Sainteny.jpg\",\"datePublished\":\"2019-02-11T14:48:32+00:00\",\"dateModified\":\"2026-03-25T15:52:37+00:00\",\"breadcrumb\":{\"@id\":\"https:\\\/\\\/www.fondationbiodiversite.fr\\\/en\\\/membre\\\/guillaume-sainteny\\\/#breadcrumb\"},\"inLanguage\":\"en-US\",\"potentialAction\":[{\"@type\":\"ReadAction\",\"target\":[\"https:\\\/\\\/www.fondationbiodiversite.fr\\\/en\\\/membre\\\/guillaume-sainteny\\\/\"]}]},{\"@type\":\"ImageObject\",\"inLanguage\":\"en-US\",\"@id\":\"https:\\\/\\\/www.fondationbiodiversite.fr\\\/en\\\/membre\\\/guillaume-sainteny\\\/#primaryimage\",\"url\":\"https:\\\/\\\/www.fondationbiodiversite.fr\\\/wp-content\\\/uploads\\\/2019\\\/02\\\/Guillaume-Sainteny.jpg\",\"contentUrl\":\"https:\\\/\\\/www.fondationbiodiversite.fr\\\/wp-content\\\/uploads\\\/2019\\\/02\\\/Guillaume-Sainteny.jpg\",\"width\":690,\"height\":690,\"caption\":\"Guillaume Sainteny\"},{\"@type\":\"BreadcrumbList\",\"@id\":\"https:\\\/\\\/www.fondationbiodiversite.fr\\\/en\\\/membre\\\/guillaume-sainteny\\\/#breadcrumb\",\"itemListElement\":[{\"@type\":\"ListItem\",\"position\":1,\"name\":\"Accueil\",\"item\":\"https:\\\/\\\/www.fondationbiodiversite.fr\\\/en\\\/\"},{\"@type\":\"ListItem\",\"position\":2,\"name\":\"Guillaume SAINTENY\"}]},{\"@type\":\"WebSite\",\"@id\":\"https:\\\/\\\/www.fondationbiodiversite.fr\\\/en\\\/#website\",\"url\":\"https:\\\/\\\/www.fondationbiodiversite.fr\\\/en\\\/\",\"name\":\"Fondation pour la recherche sur la biodiversit\u00e9\",\"description\":\"Une plateforme entre les diff\u00e9rents acteurs scientifiques et les acteurs de la soci\u00e9t\u00e9 sur la biodiversit\u00e9..\",\"publisher\":{\"@id\":\"https:\\\/\\\/www.fondationbiodiversite.fr\\\/en\\\/#organization\"},\"alternateName\":\"FRB\",\"potentialAction\":[{\"@type\":\"SearchAction\",\"target\":{\"@type\":\"EntryPoint\",\"urlTemplate\":\"https:\\\/\\\/www.fondationbiodiversite.fr\\\/en\\\/?s={search_term_string}\"},\"query-input\":{\"@type\":\"PropertyValueSpecification\",\"valueRequired\":true,\"valueName\":\"search_term_string\"}}],\"inLanguage\":\"en-US\"},{\"@type\":\"Organization\",\"@id\":\"https:\\\/\\\/www.fondationbiodiversite.fr\\\/en\\\/#organization\",\"name\":\"Fondation pour la recherche sur la biodiversit\u00e9\",\"url\":\"https:\\\/\\\/www.fondationbiodiversite.fr\\\/en\\\/\",\"logo\":{\"@type\":\"ImageObject\",\"inLanguage\":\"en-US\",\"@id\":\"https:\\\/\\\/www.fondationbiodiversite.fr\\\/en\\\/#\\\/schema\\\/logo\\\/image\\\/\",\"url\":\"https:\\\/\\\/www.fondationbiodiversite.fr\\\/wp-content\\\/uploads\\\/2025\\\/10\\\/logo_FRB_RVB.png\",\"contentUrl\":\"https:\\\/\\\/www.fondationbiodiversite.fr\\\/wp-content\\\/uploads\\\/2025\\\/10\\\/logo_FRB_RVB.png\",\"width\":220,\"height\":220,\"caption\":\"Fondation pour la recherche sur la biodiversit\u00e9\"},\"image\":{\"@id\":\"https:\\\/\\\/www.fondationbiodiversite.fr\\\/en\\\/#\\\/schema\\\/logo\\\/image\\\/\"},\"sameAs\":[\"https:\\\/\\\/www.facebook.com\\\/FRBiodiv#\",\"https:\\\/\\\/x.com\\\/FRBiodiv\",\"https:\\\/\\\/bsky.app\\\/profile\\\/frbiodiv.bsky.social\",\"https:\\\/\\\/www.instagram.com\\\/frbiodiv\\\/\",\"https:\\\/\\\/www.linkedin.com\\\/in\\\/fondation-pour-la-recherche-sur-la-biodiversit-223059121\\\/\",\"https:\\\/\\\/www.youtube.com\\\/@FRBiodiv\"]}]}<\/script>\n<!-- \/ Yoast SEO plugin. -->","yoast_head_json":{"title":"Guillaume SAINTENY - Fondation pour la recherche sur la biodiversit\u00e9","robots":{"index":"noindex","follow":"nofollow"},"og_locale":"en_US","og_type":"article","og_title":"Guillaume SAINTENY - Fondation pour la recherche sur la biodiversit\u00e9","og_description":"Guillaume Sainteny enseigne, depuis une quinzaine d\u2019ann\u00e9es, le d\u00e9veloppement durable, notamment \u00e0 Sciences-Po Paris et \u00e0 l\u2019\u00c9cole Polytechnique. Il a \u00e9galement exerc\u00e9 les fonctions de directeur adjoint du cabinet du Ministre de l\u2019Environnement puis de directeur de la Direction des \u00c9tudes \u00c9conomiques et de l\u2019Evaluation Environnementale du Minist\u00e8re de l\u2019Environnement du D\u00e9veloppement et de l\u2019Am\u00e9nagement [&hellip;]","og_url":"https:\/\/www.fondationbiodiversite.fr\/en\/membre\/guillaume-sainteny\/","og_site_name":"Fondation pour la recherche sur la biodiversit\u00e9","article_publisher":"https:\/\/www.facebook.com\/FRBiodiv#","article_modified_time":"2026-03-25T15:52:37+00:00","og_image":[{"width":690,"height":690,"url":"https:\/\/www.fondationbiodiversite.fr\/wp-content\/uploads\/2019\/02\/Guillaume-Sainteny.jpg","type":"image\/jpeg"}],"twitter_card":"summary_large_image","twitter_site":"@FRBiodiv","twitter_misc":{"Est. reading time":"2 minutes"},"schema":{"@context":"https:\/\/schema.org","@graph":[{"@type":"WebPage","@id":"https:\/\/www.fondationbiodiversite.fr\/en\/membre\/guillaume-sainteny\/","url":"https:\/\/www.fondationbiodiversite.fr\/en\/membre\/guillaume-sainteny\/","name":"Guillaume SAINTENY - Fondation pour la recherche sur la biodiversit\u00e9","isPartOf":{"@id":"https:\/\/www.fondationbiodiversite.fr\/en\/#website"},"primaryImageOfPage":{"@id":"https:\/\/www.fondationbiodiversite.fr\/en\/membre\/guillaume-sainteny\/#primaryimage"},"image":{"@id":"https:\/\/www.fondationbiodiversite.fr\/en\/membre\/guillaume-sainteny\/#primaryimage"},"thumbnailUrl":"https:\/\/www.fondationbiodiversite.fr\/wp-content\/uploads\/2019\/02\/Guillaume-Sainteny.jpg","datePublished":"2019-02-11T14:48:32+00:00","dateModified":"2026-03-25T15:52:37+00:00","breadcrumb":{"@id":"https:\/\/www.fondationbiodiversite.fr\/en\/membre\/guillaume-sainteny\/#breadcrumb"},"inLanguage":"en-US","potentialAction":[{"@type":"ReadAction","target":["https:\/\/www.fondationbiodiversite.fr\/en\/membre\/guillaume-sainteny\/"]}]},{"@type":"ImageObject","inLanguage":"en-US","@id":"https:\/\/www.fondationbiodiversite.fr\/en\/membre\/guillaume-sainteny\/#primaryimage","url":"https:\/\/www.fondationbiodiversite.fr\/wp-content\/uploads\/2019\/02\/Guillaume-Sainteny.jpg","contentUrl":"https:\/\/www.fondationbiodiversite.fr\/wp-content\/uploads\/2019\/02\/Guillaume-Sainteny.jpg","width":690,"height":690,"caption":"Guillaume Sainteny"},{"@type":"BreadcrumbList","@id":"https:\/\/www.fondationbiodiversite.fr\/en\/membre\/guillaume-sainteny\/#breadcrumb","itemListElement":[{"@type":"ListItem","position":1,"name":"Accueil","item":"https:\/\/www.fondationbiodiversite.fr\/en\/"},{"@type":"ListItem","position":2,"name":"Guillaume SAINTENY"}]},{"@type":"WebSite","@id":"https:\/\/www.fondationbiodiversite.fr\/en\/#website","url":"https:\/\/www.fondationbiodiversite.fr\/en\/","name":"Fondation pour la recherche sur la biodiversit\u00e9","description":"Une plateforme entre les diff\u00e9rents acteurs scientifiques et les acteurs de la soci\u00e9t\u00e9 sur la biodiversit\u00e9..","publisher":{"@id":"https:\/\/www.fondationbiodiversite.fr\/en\/#organization"},"alternateName":"FRB","potentialAction":[{"@type":"SearchAction","target":{"@type":"EntryPoint","urlTemplate":"https:\/\/www.fondationbiodiversite.fr\/en\/?s={search_term_string}"},"query-input":{"@type":"PropertyValueSpecification","valueRequired":true,"valueName":"search_term_string"}}],"inLanguage":"en-US"},{"@type":"Organization","@id":"https:\/\/www.fondationbiodiversite.fr\/en\/#organization","name":"Fondation pour la recherche sur la biodiversit\u00e9","url":"https:\/\/www.fondationbiodiversite.fr\/en\/","logo":{"@type":"ImageObject","inLanguage":"en-US","@id":"https:\/\/www.fondationbiodiversite.fr\/en\/#\/schema\/logo\/image\/","url":"https:\/\/www.fondationbiodiversite.fr\/wp-content\/uploads\/2025\/10\/logo_FRB_RVB.png","contentUrl":"https:\/\/www.fondationbiodiversite.fr\/wp-content\/uploads\/2025\/10\/logo_FRB_RVB.png","width":220,"height":220,"caption":"Fondation pour la recherche sur la biodiversit\u00e9"},"image":{"@id":"https:\/\/www.fondationbiodiversite.fr\/en\/#\/schema\/logo\/image\/"},"sameAs":["https:\/\/www.facebook.com\/FRBiodiv#","https:\/\/x.com\/FRBiodiv","https:\/\/bsky.app\/profile\/frbiodiv.bsky.social","https:\/\/www.instagram.com\/frbiodiv\/","https:\/\/www.linkedin.com\/in\/fondation-pour-la-recherche-sur-la-biodiversit-223059121\/","https:\/\/www.youtube.com\/@FRBiodiv"]}]}},"_links":{"self":[{"href":"https:\/\/www.fondationbiodiversite.fr\/en\/wp-json\/wp\/v2\/membre\/6621","targetHints":{"allow":["GET"]}}],"collection":[{"href":"https:\/\/www.fondationbiodiversite.fr\/en\/wp-json\/wp\/v2\/membre"}],"about":[{"href":"https:\/\/www.fondationbiodiversite.fr\/en\/wp-json\/wp\/v2\/types\/membre"}],"wp:featuredmedia":[{"embeddable":true,"href":"https:\/\/www.fondationbiodiversite.fr\/en\/wp-json\/wp\/v2\/media\/2128"}],"wp:attachment":[{"href":"https:\/\/www.fondationbiodiversite.fr\/en\/wp-json\/wp\/v2\/media?parent=6621"}],"curies":[{"name":"wp","href":"https:\/\/api.w.org\/{rel}","templated":true}]}}