
{"id":24693,"date":"2024-03-13T11:59:53","date_gmt":"2024-03-13T10:59:53","guid":{"rendered":"https:\/\/www.fondationbiodiversite.fr\/appel\/appel-a-projets-de-recherche-ittecop-2024\/"},"modified":"2024-10-03T17:35:25","modified_gmt":"2024-10-03T15:35:25","slug":"appel-a-projets-de-recherche-ittecop-2024","status":"publish","type":"appel","link":"https:\/\/www.fondationbiodiversite.fr\/en\/calls\/appel-a-projets-de-recherche-ittecop-2024\/","title":{"rendered":"[FRB-CESAB ITTECOP &#8211; call for proposals &#8211; 2024]"},"content":{"rendered":"<p>&nbsp;<\/p>\n<p><span data-contrast=\"none\">The research and innovation service within the ministry of ecological transition in charge of the national programme ITTECOP, and in partnership with the ADEME, will launch, in April 2024, a new call for proposals under the theme: \u201c<\/span><strong>Impacts of human infrastructures (transport and renewable energy production) on biodiversity<\/strong><span data-contrast=\"none\">\u201d. <\/span><\/p>\n<p>&nbsp;<\/p>\n<p>&nbsp;<\/p>\n<p>&nbsp;<\/p>\n<p>&nbsp;<\/p>\n<p><span data-contrast=\"none\">The project seeks the analysis of sets of already acquired data which can be gathered and constructed (from dispersed data sets, data available in the literature, etc.) during the project with the following objectives, among others: <\/span><span data-ccp-props=\"{&quot;201341983&quot;:0,&quot;335559739&quot;:160,&quot;335559740&quot;:259}\">\u00a0<\/span><\/p>\n<ul>\n<li data-leveltext=\"\uf0b7\" data-font=\"Symbol\" data-listid=\"5\" data-list-defn-props=\"{&quot;335552541&quot;:1,&quot;335559685&quot;:1428,&quot;335559991&quot;:360,&quot;469769226&quot;:&quot;Symbol&quot;,&quot;469769242&quot;:[8226],&quot;469777803&quot;:&quot;left&quot;,&quot;469777804&quot;:&quot;\uf0b7&quot;,&quot;469777815&quot;:&quot;hybridMultilevel&quot;}\" aria-setsize=\"-1\" data-aria-posinset=\"3\" data-aria-level=\"1\"><span data-contrast=\"none\">Assessing the i<strong>mpacts of these infrastructures on some facets of biodiversity<\/strong> (genetic, specific, functional or ecosystemic), all taxonomic groups being potentially concerned;<\/span><span data-ccp-props=\"{&quot;201341983&quot;:0,&quot;335559739&quot;:160,&quot;335559740&quot;:259}\">\u00a0<\/span><\/li>\n<li data-leveltext=\"\uf0b7\" data-font=\"Symbol\" data-listid=\"5\" data-list-defn-props=\"{&quot;335552541&quot;:1,&quot;335559685&quot;:1428,&quot;335559991&quot;:360,&quot;469769226&quot;:&quot;Symbol&quot;,&quot;469769242&quot;:[8226],&quot;469777803&quot;:&quot;left&quot;,&quot;469777804&quot;:&quot;\uf0b7&quot;,&quot;469777815&quot;:&quot;hybridMultilevel&quot;}\" aria-setsize=\"-1\" data-aria-posinset=\"4\" data-aria-level=\"1\"><span data-contrast=\"none\">Determining <strong>how the design of the infrastructures can affect biodiversity<\/strong> based on existing biodiversity, management of natural environments and wildlife, and surrounding territories;<\/span><span data-ccp-props=\"{&quot;201341983&quot;:0,&quot;335559739&quot;:160,&quot;335559740&quot;:259}\">\u00a0<\/span><\/li>\n<li data-leveltext=\"\uf0b7\" data-font=\"Symbol\" data-listid=\"5\" data-list-defn-props=\"{&quot;335552541&quot;:1,&quot;335559685&quot;:1428,&quot;335559991&quot;:360,&quot;469769226&quot;:&quot;Symbol&quot;,&quot;469769242&quot;:[8226],&quot;469777803&quot;:&quot;left&quot;,&quot;469777804&quot;:&quot;\uf0b7&quot;,&quot;469777815&quot;:&quot;hybridMultilevel&quot;}\" aria-setsize=\"-1\" data-aria-posinset=\"5\" data-aria-level=\"1\"><span data-contrast=\"none\">Evaluating how the <strong>management of infrastructures and their &#8220;naturalized&#8221; part<\/strong> can influence these impacts in interaction with the surrounding natural environments;<\/span><span data-ccp-props=\"{&quot;201341983&quot;:0,&quot;335559739&quot;:160,&quot;335559740&quot;:259}\">\u00a0<\/span><\/li>\n<li data-leveltext=\"\uf0b7\" data-font=\"Symbol\" data-listid=\"5\" data-list-defn-props=\"{&quot;335552541&quot;:1,&quot;335559685&quot;:1428,&quot;335559991&quot;:360,&quot;469769226&quot;:&quot;Symbol&quot;,&quot;469769242&quot;:[8226],&quot;469777803&quot;:&quot;left&quot;,&quot;469777804&quot;:&quot;\uf0b7&quot;,&quot;469777815&quot;:&quot;hybridMultilevel&quot;}\" aria-setsize=\"-1\" data-aria-posinset=\"6\" data-aria-level=\"1\"><span data-contrast=\"none\">Identifying and analyzing the economic, socio-technical and political factors that contribute to the deployment of these infrastructures and the degree to which they take biodiversity into account.<\/span><\/li>\n<\/ul>\n<p>&nbsp;<\/p>\n<p>A project has been funded for a duration of 3 years under this call, namely the <strong>ESEB project<\/strong> &#8211; Impacts of <strong>E<\/strong>uropean <strong>s<\/strong>olar <strong>e<\/strong>nergy infrastructure on <strong>b<\/strong>iodiversity: integrating existing knowledge to enable Nature Positive management and financial investments &#8211; coordinated by <strong>Alona ARMSTRONG<\/strong> (University of Lancaster, UK) and <strong>Armin BISCHOFF<\/strong> (University of Avignon, FRA).<\/p>\n<p>&nbsp;<\/p>\n<p style=\"text-align: center;\"><a class=\"bt\" href=\"https:\/\/ittecop.fr\/en\/\">Find out more about ITTECOP<\/a><\/p>\n<p>&nbsp;<\/p>\n<p><span style=\"font-size: 16px;\">\u00a0<\/span><\/p>\n<p>&nbsp;<\/p>\n<p style=\"text-align: center;\">\n<div class=\"bloc_gris\">\n<p style=\"text-align: center;\">Read the <a href=\"https:\/\/www.fondationbiodiversite.fr\/wp-content\/uploads\/2024\/04\/FRB-CESAB-ITTECOP_Text_EN-2.pdf\">full text of the call<\/a><\/p>\n<p>&nbsp;<\/p>\n<p style=\"text-align: center;\"><strong>Projects (in pdf format &#8211; 1 single file) must be sent no later than June 13 2024 by email to <\/strong><a href=\"mailto:cesab@fondationbiodiversite.fr\"><strong>cesab@fondationbiodiversite.fr<\/strong><\/a><\/p>\n<p style=\"text-align: center;\"><\/div><\/p>\n","protected":false},"featured_media":10777,"template":"","etat_origine":[96,103],"class_list":["post-24693","appel","type-appel","status-publish","has-post-thumbnail","hentry","etat_origine-closed-calls","etat_origine-partners-calls"],"acf":[],"yoast_head":"<!-- This site is optimized with the Yoast SEO plugin v27.4 - https:\/\/yoast.com\/product\/yoast-seo-wordpress\/ -->\n<title>[FRB-CESAB ITTECOP - call for proposals - 2024] - Fondation pour la recherche sur la biodiversit\u00e9<\/title>\n<meta name=\"robots\" content=\"index, follow, max-snippet:-1, max-image-preview:large, max-video-preview:-1\" \/>\n<link rel=\"canonical\" href=\"https:\/\/www.fondationbiodiversite.fr\/en\/calls\/appel-a-projets-de-recherche-ittecop-2024\/\" \/>\n<meta property=\"og:locale\" content=\"en_US\" \/>\n<meta property=\"og:type\" content=\"article\" \/>\n<meta property=\"og:title\" content=\"[FRB-CESAB ITTECOP - call for proposals - 2024] - Fondation pour la recherche sur la biodiversit\u00e9\" \/>\n<meta property=\"og:description\" content=\"&nbsp; The research and innovation service within the ministry of ecological transition in charge of the national programme ITTECOP, and in partnership with the ADEME, will launch, in April 2024, a new call for proposals under the theme: \u201cImpacts of human infrastructures (transport and renewable energy production) on biodiversity\u201d. &nbsp; &nbsp; &nbsp; &nbsp; The project [&hellip;]\" \/>\n<meta property=\"og:url\" content=\"https:\/\/www.fondationbiodiversite.fr\/en\/calls\/appel-a-projets-de-recherche-ittecop-2024\/\" \/>\n<meta property=\"og:site_name\" content=\"Fondation pour la recherche sur la biodiversit\u00e9\" \/>\n<meta property=\"article:publisher\" content=\"https:\/\/www.facebook.com\/FRBiodiv#\" \/>\n<meta property=\"article:modified_time\" content=\"2024-10-03T15:35:25+00:00\" \/>\n<meta property=\"og:image\" content=\"https:\/\/www.fondationbiodiversite.fr\/wp-content\/uploads\/2020\/06\/Ittecop-Logo.jpg\" \/>\n\t<meta property=\"og:image:width\" content=\"690\" \/>\n\t<meta property=\"og:image:height\" content=\"451\" \/>\n\t<meta property=\"og:image:type\" content=\"image\/jpeg\" \/>\n<meta name=\"twitter:card\" content=\"summary_large_image\" \/>\n<meta name=\"twitter:site\" content=\"@FRBiodiv\" \/>\n<meta name=\"twitter:label1\" content=\"Est. reading time\" \/>\n\t<meta name=\"twitter:data1\" content=\"1 minute\" \/>\n<script type=\"application\/ld+json\" class=\"yoast-schema-graph\">{\"@context\":\"https:\\\/\\\/schema.org\",\"@graph\":[{\"@type\":\"WebPage\",\"@id\":\"https:\\\/\\\/www.fondationbiodiversite.fr\\\/en\\\/calls\\\/appel-a-projets-de-recherche-ittecop-2024\\\/\",\"url\":\"https:\\\/\\\/www.fondationbiodiversite.fr\\\/en\\\/calls\\\/appel-a-projets-de-recherche-ittecop-2024\\\/\",\"name\":\"[FRB-CESAB ITTECOP - call for proposals - 2024] - Fondation pour la recherche sur la biodiversit\u00e9\",\"isPartOf\":{\"@id\":\"https:\\\/\\\/www.fondationbiodiversite.fr\\\/en\\\/#website\"},\"primaryImageOfPage\":{\"@id\":\"https:\\\/\\\/www.fondationbiodiversite.fr\\\/en\\\/calls\\\/appel-a-projets-de-recherche-ittecop-2024\\\/#primaryimage\"},\"image\":{\"@id\":\"https:\\\/\\\/www.fondationbiodiversite.fr\\\/en\\\/calls\\\/appel-a-projets-de-recherche-ittecop-2024\\\/#primaryimage\"},\"thumbnailUrl\":\"https:\\\/\\\/www.fondationbiodiversite.fr\\\/wp-content\\\/uploads\\\/2020\\\/06\\\/Ittecop-Logo.jpg\",\"datePublished\":\"2024-03-13T10:59:53+00:00\",\"dateModified\":\"2024-10-03T15:35:25+00:00\",\"breadcrumb\":{\"@id\":\"https:\\\/\\\/www.fondationbiodiversite.fr\\\/en\\\/calls\\\/appel-a-projets-de-recherche-ittecop-2024\\\/#breadcrumb\"},\"inLanguage\":\"en-US\",\"potentialAction\":[{\"@type\":\"ReadAction\",\"target\":[\"https:\\\/\\\/www.fondationbiodiversite.fr\\\/en\\\/calls\\\/appel-a-projets-de-recherche-ittecop-2024\\\/\"]}]},{\"@type\":\"ImageObject\",\"inLanguage\":\"en-US\",\"@id\":\"https:\\\/\\\/www.fondationbiodiversite.fr\\\/en\\\/calls\\\/appel-a-projets-de-recherche-ittecop-2024\\\/#primaryimage\",\"url\":\"https:\\\/\\\/www.fondationbiodiversite.fr\\\/wp-content\\\/uploads\\\/2020\\\/06\\\/Ittecop-Logo.jpg\",\"contentUrl\":\"https:\\\/\\\/www.fondationbiodiversite.fr\\\/wp-content\\\/uploads\\\/2020\\\/06\\\/Ittecop-Logo.jpg\",\"width\":690,\"height\":451,\"caption\":\"Ittecop_LOGO\"},{\"@type\":\"BreadcrumbList\",\"@id\":\"https:\\\/\\\/www.fondationbiodiversite.fr\\\/en\\\/calls\\\/appel-a-projets-de-recherche-ittecop-2024\\\/#breadcrumb\",\"itemListElement\":[{\"@type\":\"ListItem\",\"position\":1,\"name\":\"Accueil\",\"item\":\"https:\\\/\\\/www.fondationbiodiversite.fr\\\/en\\\/\"},{\"@type\":\"ListItem\",\"position\":2,\"name\":\"[FRB-CESAB ITTECOP &#8211; call for proposals &#8211; 2024]\"}]},{\"@type\":\"WebSite\",\"@id\":\"https:\\\/\\\/www.fondationbiodiversite.fr\\\/en\\\/#website\",\"url\":\"https:\\\/\\\/www.fondationbiodiversite.fr\\\/en\\\/\",\"name\":\"Fondation pour la recherche sur la biodiversit\u00e9\",\"description\":\"Une plateforme entre les diff\u00e9rents acteurs scientifiques et les acteurs de la soci\u00e9t\u00e9 sur la biodiversit\u00e9..\",\"publisher\":{\"@id\":\"https:\\\/\\\/www.fondationbiodiversite.fr\\\/en\\\/#organization\"},\"alternateName\":\"FRB\",\"potentialAction\":[{\"@type\":\"SearchAction\",\"target\":{\"@type\":\"EntryPoint\",\"urlTemplate\":\"https:\\\/\\\/www.fondationbiodiversite.fr\\\/en\\\/?s={search_term_string}\"},\"query-input\":{\"@type\":\"PropertyValueSpecification\",\"valueRequired\":true,\"valueName\":\"search_term_string\"}}],\"inLanguage\":\"en-US\"},{\"@type\":\"Organization\",\"@id\":\"https:\\\/\\\/www.fondationbiodiversite.fr\\\/en\\\/#organization\",\"name\":\"Fondation pour la recherche sur la biodiversit\u00e9\",\"url\":\"https:\\\/\\\/www.fondationbiodiversite.fr\\\/en\\\/\",\"logo\":{\"@type\":\"ImageObject\",\"inLanguage\":\"en-US\",\"@id\":\"https:\\\/\\\/www.fondationbiodiversite.fr\\\/en\\\/#\\\/schema\\\/logo\\\/image\\\/\",\"url\":\"https:\\\/\\\/www.fondationbiodiversite.fr\\\/wp-content\\\/uploads\\\/2025\\\/10\\\/logo_FRB_RVB.png\",\"contentUrl\":\"https:\\\/\\\/www.fondationbiodiversite.fr\\\/wp-content\\\/uploads\\\/2025\\\/10\\\/logo_FRB_RVB.png\",\"width\":220,\"height\":220,\"caption\":\"Fondation pour la recherche sur la biodiversit\u00e9\"},\"image\":{\"@id\":\"https:\\\/\\\/www.fondationbiodiversite.fr\\\/en\\\/#\\\/schema\\\/logo\\\/image\\\/\"},\"sameAs\":[\"https:\\\/\\\/www.facebook.com\\\/FRBiodiv#\",\"https:\\\/\\\/x.com\\\/FRBiodiv\",\"https:\\\/\\\/bsky.app\\\/profile\\\/frbiodiv.bsky.social\",\"https:\\\/\\\/www.instagram.com\\\/frbiodiv\\\/\",\"https:\\\/\\\/www.linkedin.com\\\/in\\\/fondation-pour-la-recherche-sur-la-biodiversit-223059121\\\/\",\"https:\\\/\\\/www.youtube.com\\\/@FRBiodiv\"]}]}<\/script>\n<!-- \/ Yoast SEO plugin. -->","yoast_head_json":{"title":"[FRB-CESAB ITTECOP - call for proposals - 2024] - Fondation pour la recherche sur la biodiversit\u00e9","robots":{"index":"index","follow":"follow","max-snippet":"max-snippet:-1","max-image-preview":"max-image-preview:large","max-video-preview":"max-video-preview:-1"},"canonical":"https:\/\/www.fondationbiodiversite.fr\/en\/calls\/appel-a-projets-de-recherche-ittecop-2024\/","og_locale":"en_US","og_type":"article","og_title":"[FRB-CESAB ITTECOP - call for proposals - 2024] - Fondation pour la recherche sur la biodiversit\u00e9","og_description":"&nbsp; The research and innovation service within the ministry of ecological transition in charge of the national programme ITTECOP, and in partnership with the ADEME, will launch, in April 2024, a new call for proposals under the theme: \u201cImpacts of human infrastructures (transport and renewable energy production) on biodiversity\u201d. &nbsp; &nbsp; &nbsp; &nbsp; The project [&hellip;]","og_url":"https:\/\/www.fondationbiodiversite.fr\/en\/calls\/appel-a-projets-de-recherche-ittecop-2024\/","og_site_name":"Fondation pour la recherche sur la biodiversit\u00e9","article_publisher":"https:\/\/www.facebook.com\/FRBiodiv#","article_modified_time":"2024-10-03T15:35:25+00:00","og_image":[{"width":690,"height":451,"url":"https:\/\/www.fondationbiodiversite.fr\/wp-content\/uploads\/2020\/06\/Ittecop-Logo.jpg","type":"image\/jpeg"}],"twitter_card":"summary_large_image","twitter_site":"@FRBiodiv","twitter_misc":{"Est. reading time":"1 minute"},"schema":{"@context":"https:\/\/schema.org","@graph":[{"@type":"WebPage","@id":"https:\/\/www.fondationbiodiversite.fr\/en\/calls\/appel-a-projets-de-recherche-ittecop-2024\/","url":"https:\/\/www.fondationbiodiversite.fr\/en\/calls\/appel-a-projets-de-recherche-ittecop-2024\/","name":"[FRB-CESAB ITTECOP - call for proposals - 2024] - Fondation pour la recherche sur la biodiversit\u00e9","isPartOf":{"@id":"https:\/\/www.fondationbiodiversite.fr\/en\/#website"},"primaryImageOfPage":{"@id":"https:\/\/www.fondationbiodiversite.fr\/en\/calls\/appel-a-projets-de-recherche-ittecop-2024\/#primaryimage"},"image":{"@id":"https:\/\/www.fondationbiodiversite.fr\/en\/calls\/appel-a-projets-de-recherche-ittecop-2024\/#primaryimage"},"thumbnailUrl":"https:\/\/www.fondationbiodiversite.fr\/wp-content\/uploads\/2020\/06\/Ittecop-Logo.jpg","datePublished":"2024-03-13T10:59:53+00:00","dateModified":"2024-10-03T15:35:25+00:00","breadcrumb":{"@id":"https:\/\/www.fondationbiodiversite.fr\/en\/calls\/appel-a-projets-de-recherche-ittecop-2024\/#breadcrumb"},"inLanguage":"en-US","potentialAction":[{"@type":"ReadAction","target":["https:\/\/www.fondationbiodiversite.fr\/en\/calls\/appel-a-projets-de-recherche-ittecop-2024\/"]}]},{"@type":"ImageObject","inLanguage":"en-US","@id":"https:\/\/www.fondationbiodiversite.fr\/en\/calls\/appel-a-projets-de-recherche-ittecop-2024\/#primaryimage","url":"https:\/\/www.fondationbiodiversite.fr\/wp-content\/uploads\/2020\/06\/Ittecop-Logo.jpg","contentUrl":"https:\/\/www.fondationbiodiversite.fr\/wp-content\/uploads\/2020\/06\/Ittecop-Logo.jpg","width":690,"height":451,"caption":"Ittecop_LOGO"},{"@type":"BreadcrumbList","@id":"https:\/\/www.fondationbiodiversite.fr\/en\/calls\/appel-a-projets-de-recherche-ittecop-2024\/#breadcrumb","itemListElement":[{"@type":"ListItem","position":1,"name":"Accueil","item":"https:\/\/www.fondationbiodiversite.fr\/en\/"},{"@type":"ListItem","position":2,"name":"[FRB-CESAB ITTECOP &#8211; call for proposals &#8211; 2024]"}]},{"@type":"WebSite","@id":"https:\/\/www.fondationbiodiversite.fr\/en\/#website","url":"https:\/\/www.fondationbiodiversite.fr\/en\/","name":"Fondation pour la recherche sur la biodiversit\u00e9","description":"Une plateforme entre les diff\u00e9rents acteurs scientifiques et les acteurs de la soci\u00e9t\u00e9 sur la biodiversit\u00e9..","publisher":{"@id":"https:\/\/www.fondationbiodiversite.fr\/en\/#organization"},"alternateName":"FRB","potentialAction":[{"@type":"SearchAction","target":{"@type":"EntryPoint","urlTemplate":"https:\/\/www.fondationbiodiversite.fr\/en\/?s={search_term_string}"},"query-input":{"@type":"PropertyValueSpecification","valueRequired":true,"valueName":"search_term_string"}}],"inLanguage":"en-US"},{"@type":"Organization","@id":"https:\/\/www.fondationbiodiversite.fr\/en\/#organization","name":"Fondation pour la recherche sur la biodiversit\u00e9","url":"https:\/\/www.fondationbiodiversite.fr\/en\/","logo":{"@type":"ImageObject","inLanguage":"en-US","@id":"https:\/\/www.fondationbiodiversite.fr\/en\/#\/schema\/logo\/image\/","url":"https:\/\/www.fondationbiodiversite.fr\/wp-content\/uploads\/2025\/10\/logo_FRB_RVB.png","contentUrl":"https:\/\/www.fondationbiodiversite.fr\/wp-content\/uploads\/2025\/10\/logo_FRB_RVB.png","width":220,"height":220,"caption":"Fondation pour la recherche sur la biodiversit\u00e9"},"image":{"@id":"https:\/\/www.fondationbiodiversite.fr\/en\/#\/schema\/logo\/image\/"},"sameAs":["https:\/\/www.facebook.com\/FRBiodiv#","https:\/\/x.com\/FRBiodiv","https:\/\/bsky.app\/profile\/frbiodiv.bsky.social","https:\/\/www.instagram.com\/frbiodiv\/","https:\/\/www.linkedin.com\/in\/fondation-pour-la-recherche-sur-la-biodiversit-223059121\/","https:\/\/www.youtube.com\/@FRBiodiv"]}]}},"_links":{"self":[{"href":"https:\/\/www.fondationbiodiversite.fr\/en\/wp-json\/wp\/v2\/appel\/24693","targetHints":{"allow":["GET"]}}],"collection":[{"href":"https:\/\/www.fondationbiodiversite.fr\/en\/wp-json\/wp\/v2\/appel"}],"about":[{"href":"https:\/\/www.fondationbiodiversite.fr\/en\/wp-json\/wp\/v2\/types\/appel"}],"version-history":[{"count":0,"href":"https:\/\/www.fondationbiodiversite.fr\/en\/wp-json\/wp\/v2\/appel\/24693\/revisions"}],"wp:featuredmedia":[{"embeddable":true,"href":"https:\/\/www.fondationbiodiversite.fr\/en\/wp-json\/wp\/v2\/media\/10777"}],"wp:attachment":[{"href":"https:\/\/www.fondationbiodiversite.fr\/en\/wp-json\/wp\/v2\/media?parent=24693"}],"wp:term":[{"taxonomy":"etat_origine","embeddable":true,"href":"https:\/\/www.fondationbiodiversite.fr\/en\/wp-json\/wp\/v2\/etat_origine?post=24693"}],"curies":[{"name":"wp","href":"https:\/\/api.w.org\/{rel}","templated":true}]}}